{"id":17840,"date":"2022-07-01T09:38:42","date_gmt":"2022-07-01T09:38:42","guid":{"rendered":"https:\/\/onevet.pt\/canidelo\/?page_id=17840"},"modified":"2026-03-23T15:18:25","modified_gmt":"2026-03-23T15:18:25","slug":"a-nossa-equipa","status":"publish","type":"page","link":"https:\/\/onevetgroup.pt\/canidelo\/a-nossa-equipa\/","title":{"rendered":"A Nossa Equipa"},"content":{"rendered":"\t\t<div data-elementor-type=\"wp-page\" data-elementor-id=\"17840\" class=\"elementor elementor-17840\" data-elementor-post-type=\"page\">\n\t\t\t\t\t\t<section class=\"elementor-section elementor-top-section elementor-element elementor-element-2315038 pad-bot-0 elementor-section-boxed elementor-section-height-default elementor-section-height-default\" data-id=\"2315038\" data-element_type=\"section\" data-e-type=\"section\" id=\"main-sec\" data-settings=\"{&quot;background_background&quot;:&quot;classic&quot;}\">\n\t\t\t\t\t\t<div class=\"elementor-container elementor-column-gap-default\">\n\t\t\t\t\t<div class=\"elementor-column elementor-col-100 elementor-top-column elementor-element elementor-element-35c75b2\" data-id=\"35c75b2\" data-element_type=\"column\" data-e-type=\"column\">\n\t\t\t<div class=\"elementor-widget-wrap elementor-element-populated\">\n\t\t\t\t\t\t<div class=\"elementor-element elementor-element-28b1762 elementor-widget elementor-widget-text-editor\" data-id=\"28b1762\" data-element_type=\"widget\" data-e-type=\"widget\" data-widget_type=\"text-editor.default\">\n\t\t\t\t<div class=\"elementor-widget-container\">\n\t\t\t\t\t\t\t\t\t<p>A nossa maior preocupa\u00e7\u00e3o \u00e9 o bem-estar dos nossos pacientes. A nossa equipa \u00e9 constitu\u00edda por 3 m\u00e9dicas veterin\u00e1rias e 3 auxiliares, com uma vasta experi\u00eancia nas v\u00e1rias \u00e1reas da medicina de animais de companhia. Integramos um grupo de cl\u00ednicas e hospitais com partilha interna de historial cl\u00ednico e de conhecimentos m\u00e9dicos com os v\u00e1rios especialistas do grupo. O nosso compromisso \u00e9 oferecer um atendimento carinhoso e profissional aos nossos pacientes, com o objectivo de realizarmos o melhor tratamento a todos os nossos pacientes.<\/p>\t\t\t\t\t\t\t\t<\/div>\n\t\t\t\t<\/div>\n\t\t\t\t\t<\/div>\n\t\t<\/div>\n\t\t\t\t\t<\/div>\n\t\t<\/section>\n\t\t\t\t<section class=\"elementor-section elementor-top-section elementor-element elementor-element-0dd6769 team-member elementor-section-boxed elementor-section-height-default elementor-section-height-default\" data-id=\"0dd6769\" data-element_type=\"section\" data-e-type=\"section\">\n\t\t\t\t\t\t<div class=\"elementor-container elementor-column-gap-default\">\n\t\t\t\t\t<div class=\"elementor-column elementor-col-100 elementor-top-column elementor-element elementor-element-c71e6ff\" data-id=\"c71e6ff\" data-element_type=\"column\" data-e-type=\"column\">\n\t\t\t<div class=\"elementor-widget-wrap elementor-element-populated\">\n\t\t\t\t\t\t<div class=\"elementor-element elementor-element-6d64474 elementor-hidden-tablet elementor-hidden-phone elementor-widget elementor-widget-section_titleleft\" data-id=\"6d64474\" data-element_type=\"widget\" data-e-type=\"widget\" data-widget_type=\"section_titleleft.default\">\n\t\t\t\t<div class=\"elementor-widget-container\">\n\t\t\t\t\t        <div class=\"ab_text-title fl-wrap\">\r\n            <h3>M\u00e9dicos Veterin\u00e1rios<\/h3><span class=\"section-separator fl-sec-sep\"><\/span>        <\/div>\r\n        \t\t\t\t<\/div>\n\t\t\t\t<\/div>\n\t\t\t\t<section class=\"elementor-section elementor-inner-section elementor-element elementor-element-a133ae1 elementor-section-boxed elementor-section-height-default elementor-section-height-default\" data-id=\"a133ae1\" data-element_type=\"section\" data-e-type=\"section\">\n\t\t\t\t\t\t<div class=\"elementor-container elementor-column-gap-default\">\n\t\t\t\t\t<div class=\"elementor-column elementor-col-25 elementor-inner-column elementor-element elementor-element-b682c4f\" data-id=\"b682c4f\" data-element_type=\"column\" data-e-type=\"column\">\n\t\t\t<div class=\"elementor-widget-wrap elementor-element-populated\">\n\t\t\t\t\t\t<div class=\"elementor-element elementor-element-065be42 elementor-widget elementor-widget-team_box\" data-id=\"065be42\" data-element_type=\"widget\" data-e-type=\"widget\" data-widget_type=\"team_box.default\">\n\t\t\t\t<div class=\"elementor-widget-container\">\n\t\t\t\t\t            <div class=\"team-holder section-team fl-wrap\">\r\n                <div class=\"team-box-image\">\r\n                    <div class=\"team-photo\">\r\n                        <img decoding=\"async\" src=\"https:\/\/onevet.pt\/canidelo\/wp-content\/uploads\/sites\/23\/2023\/07\/61-1-scaled.jpg\" class=\"respimg\">                                    \r\n                    <\/div>\r\n                    <div class=\"team-info\">\r\n                        <h3><a href=\"\">Carla Martins<\/a><\/h3><h4>Diretora Cl\u00ednica \/ M\u00e9dica Veterin\u00e1ria<\/h4>Licenciada em Medicina Veterin\u00e1ria pela Universidade de Tr\u00e1s-os-Montes e Alto Douro em 1994.                     <\/div>\r\n                <\/div>\r\n            <\/div>\r\n        \t\t\t\t<\/div>\n\t\t\t\t<\/div>\n\t\t\t\t<div class=\"elementor-element elementor-element-88e2a47 readmoretoggle elementor-widget elementor-widget-toggle\" data-id=\"88e2a47\" data-element_type=\"widget\" data-e-type=\"widget\" data-widget_type=\"toggle.default\">\n\t\t\t\t<div class=\"elementor-widget-container\">\n\t\t\t\t\t\t\t<div class=\"elementor-toggle\">\n\t\t\t\t\t\t\t<div class=\"elementor-toggle-item\">\n\t\t\t\t\t<div id=\"elementor-tab-title-1431\" class=\"elementor-tab-title\" data-tab=\"1\" role=\"button\" aria-controls=\"elementor-tab-content-1431\" aria-expanded=\"false\">\n\t\t\t\t\t\t\t\t\t\t\t\t<a class=\"elementor-toggle-title\" tabindex=\"0\">Ler Mais<\/a>\n\t\t\t\t\t<\/div>\n\n\t\t\t\t\t<div id=\"elementor-tab-content-1431\" class=\"elementor-tab-content elementor-clearfix\" data-tab=\"1\" role=\"region\" aria-labelledby=\"elementor-tab-title-1431\"><p>Realizou est\u00e1gio em cl\u00ednica de pequenos animais na Cl\u00ednica Veterin\u00e1ria do Lima, atual Hospital Veterin\u00e1rio do Porto e no Double R. Veterinary Center, Calif\u00f3rnia, USA. Realizou forma\u00e7\u00e3o em cirurgia e anestesia de pequenos animais, sob a orienta\u00e7\u00e3o do Prof. Dr. Felix Garcia. Frequentou o curso de Internal Medicine and Emergence Care, organizado pela European School for Advanced Veterinary Studies. Adepta da forma\u00e7\u00e3o cont\u00ednua, desde ent\u00e3o, frequenta v\u00e1rios est\u00e1gios e forma\u00e7\u00f5es na \u00e1rea de medicina de pequenos animais. Fundadora da Onevet Cl\u00ednica Veterin\u00e1ria de Canidelo em 2002 e sua Diretora Cl\u00ednica at\u00e9 \u00e0 atualidade. Aprecia o desafio di\u00e1rio da cl\u00ednica geral e cir\u00fargica de pequenos animais.<br \/>Tem como \u00e1reas especiais de interesse: medicina dent\u00e1ria, geriatria e cirurgia geral.<br \/>Nos seus tempos livros gosta da pr\u00e1tica desportiva, sobretudo t\u00e9nis e voleibol e usufruir da companhia da fam\u00edlia e amigos.<\/p><\/div>\n\t\t\t\t<\/div>\n\t\t\t\t\t\t\t\t<\/div>\n\t\t\t\t\t\t<\/div>\n\t\t\t\t<\/div>\n\t\t\t\t\t<\/div>\n\t\t<\/div>\n\t\t\t\t<div class=\"elementor-column elementor-col-25 elementor-inner-column elementor-element elementor-element-f0e7d38\" data-id=\"f0e7d38\" data-element_type=\"column\" data-e-type=\"column\">\n\t\t\t<div class=\"elementor-widget-wrap elementor-element-populated\">\n\t\t\t\t\t\t<div class=\"elementor-element elementor-element-9613434 elementor-widget elementor-widget-team_box\" data-id=\"9613434\" data-element_type=\"widget\" data-e-type=\"widget\" data-widget_type=\"team_box.default\">\n\t\t\t\t<div class=\"elementor-widget-container\">\n\t\t\t\t\t            <div class=\"team-holder section-team fl-wrap\">\r\n                <div class=\"team-box-image\">\r\n                    <div class=\"team-photo\">\r\n                        <img decoding=\"async\" src=\"https:\/\/onevet.pt\/canidelo\/wp-content\/uploads\/sites\/23\/2023\/07\/66-scaled.jpg\" class=\"respimg\">                                    \r\n                    <\/div>\r\n                    <div class=\"team-info\">\r\n                        <h3><a href=\"\">Beatriz Coelho<\/a><\/h3><h4>M\u00e9dica Veterin\u00e1ria<\/h4>Concluiu o Mestrado Integrado em Medicina Veterin\u00e1ria pelo Instituto de Ci\u00eancias Biom\u00e9dicas Abel Salazar da Universidade do Porto em 2021.                    <\/div>\r\n                <\/div>\r\n            <\/div>\r\n        \t\t\t\t<\/div>\n\t\t\t\t<\/div>\n\t\t\t\t<div class=\"elementor-element elementor-element-8b17f3d readmoretoggle elementor-widget elementor-widget-toggle\" data-id=\"8b17f3d\" data-element_type=\"widget\" data-e-type=\"widget\" data-widget_type=\"toggle.default\">\n\t\t\t\t<div class=\"elementor-widget-container\">\n\t\t\t\t\t\t\t<div class=\"elementor-toggle\">\n\t\t\t\t\t\t\t<div class=\"elementor-toggle-item\">\n\t\t\t\t\t<div id=\"elementor-tab-title-1451\" class=\"elementor-tab-title\" data-tab=\"1\" role=\"button\" aria-controls=\"elementor-tab-content-1451\" aria-expanded=\"false\">\n\t\t\t\t\t\t\t\t\t\t\t\t<a class=\"elementor-toggle-title\" tabindex=\"0\">Ler Mais<\/a>\n\t\t\t\t\t<\/div>\n\n\t\t\t\t\t<div id=\"elementor-tab-content-1451\" class=\"elementor-tab-content elementor-clearfix\" data-tab=\"1\" role=\"region\" aria-labelledby=\"elementor-tab-title-1451\"><div class=\"ewa-rteLine\">Realizou est\u00e1gio curricular no Hospital Veterin\u00e1rio de Vila do Conde e est\u00e1gios extra-curriculares em diversos CAMV. Frequenta regularmente forma\u00e7\u00f5es, semin\u00e1rios e congressos no \u00e2mbito da cl\u00ednica de pequenos animais. Integra a equipa da Onevet Cl\u00ednica Veterin\u00e1ria de Canidelo desde Abril de 2021.<\/div><div class=\"ewa-rteLine\">Tem como principais \u00e1reas de interesse a dermatologia e gastroenterologia.<\/div><div class=\"ewa-rteLine\">Nos seus tempos livres gosta de viajar, descobrir novas gastronomias e desfrutar de uma boa sess\u00e3o de cinema na companhia dos seus felinos, Pablo e Emma.<\/div><\/div>\n\t\t\t\t<\/div>\n\t\t\t\t\t\t\t\t<\/div>\n\t\t\t\t\t\t<\/div>\n\t\t\t\t<\/div>\n\t\t\t\t\t<\/div>\n\t\t<\/div>\n\t\t\t\t<div class=\"elementor-column elementor-col-25 elementor-inner-column elementor-element elementor-element-036c411\" data-id=\"036c411\" data-element_type=\"column\" data-e-type=\"column\">\n\t\t\t<div class=\"elementor-widget-wrap elementor-element-populated\">\n\t\t\t\t\t\t<div class=\"elementor-element elementor-element-3819996 elementor-widget elementor-widget-team_box\" data-id=\"3819996\" data-element_type=\"widget\" data-e-type=\"widget\" data-widget_type=\"team_box.default\">\n\t\t\t\t<div class=\"elementor-widget-container\">\n\t\t\t\t\t            <div class=\"team-holder section-team fl-wrap\">\r\n                <div class=\"team-box-image\">\r\n                    <div class=\"team-photo\">\r\n                        <img decoding=\"async\" src=\"\" class=\"respimg\">                                    \r\n                    <\/div>\r\n                    <div class=\"team-info\">\r\n                        <h3><a href=\"\">Andr\u00e9 Machado<\/a><\/h3><h4>M\u00e9dico Veterin\u00e1rio<\/h4>Concluiu o Mestrado Integrado em Medicina Veterin\u00e1ria na Universidade de \u00c9vora em 2021, integrando a equipa da Cl\u00ednica Veterin\u00e1ria de Canidelo desde Setembro 2024. Tem como principais \u00e1reas de interesse e estudo a cirurgia e anestesiologia. Nos seus tempos livres gosta de viajar, cozinhar e participar em eventos de moda.                    <\/div>\r\n                <\/div>\r\n            <\/div>\r\n        \t\t\t\t<\/div>\n\t\t\t\t<\/div>\n\t\t\t\t<div class=\"elementor-element elementor-element-bbdd3b0 readmoretoggle elementor-widget elementor-widget-toggle\" data-id=\"bbdd3b0\" data-element_type=\"widget\" data-e-type=\"widget\" data-widget_type=\"toggle.default\">\n\t\t\t\t<div class=\"elementor-widget-container\">\n\t\t\t\t\t\t\t<div class=\"elementor-toggle\">\n\t\t\t\t\t\t\t<div class=\"elementor-toggle-item\">\n\t\t\t\t\t<div id=\"elementor-tab-title-1961\" class=\"elementor-tab-title\" data-tab=\"1\" role=\"button\" aria-controls=\"elementor-tab-content-1961\" aria-expanded=\"false\">\n\t\t\t\t\t\t\t\t\t\t\t\t<a class=\"elementor-toggle-title\" tabindex=\"0\">Ler Mais<\/a>\n\t\t\t\t\t<\/div>\n\n\t\t\t\t\t<div id=\"elementor-tab-content-1961\" class=\"elementor-tab-content elementor-clearfix\" data-tab=\"1\" role=\"region\" aria-labelledby=\"elementor-tab-title-1961\"><div class=\"ewa-rteLine\">Tem como principais \u00e1reas de interesse a medicina interna, oncologia e, cuidados intensivos\/urg\u00eancias, \u00e1reas onde frequentou forma\u00e7\u00f5es e semin\u00e1rios. Encontra-se de momento a realizar uma p\u00f3s-gradua\u00e7\u00e3o em Urg\u00eancias e Cuidados intensivos. Adora viajar e ir a concertos.<\/div><\/div>\n\t\t\t\t<\/div>\n\t\t\t\t\t\t\t\t<\/div>\n\t\t\t\t\t\t<\/div>\n\t\t\t\t<\/div>\n\t\t\t\t\t<\/div>\n\t\t<\/div>\n\t\t\t\t<div class=\"elementor-column elementor-col-25 elementor-inner-column elementor-element elementor-element-ff08c3e nodata_bor\" data-id=\"ff08c3e\" data-element_type=\"column\" data-e-type=\"column\">\n\t\t\t<div class=\"elementor-widget-wrap\">\n\t\t\t\t\t\t\t<\/div>\n\t\t<\/div>\n\t\t\t\t\t<\/div>\n\t\t<\/section>\n\t\t\t\t\t<\/div>\n\t\t<\/div>\n\t\t\t\t\t<\/div>\n\t\t<\/section>\n\t\t\t\t<section class=\"elementor-section elementor-top-section elementor-element elementor-element-1db1688 team-member elementor-section-boxed elementor-section-height-default elementor-section-height-default\" data-id=\"1db1688\" data-element_type=\"section\" data-e-type=\"section\">\n\t\t\t\t\t\t<div class=\"elementor-container elementor-column-gap-default\">\n\t\t\t\t\t<div class=\"elementor-column elementor-col-100 elementor-top-column elementor-element elementor-element-e3e55a5\" data-id=\"e3e55a5\" data-element_type=\"column\" data-e-type=\"column\">\n\t\t\t<div class=\"elementor-widget-wrap elementor-element-populated\">\n\t\t\t\t\t\t<div class=\"elementor-element elementor-element-1f6eb1c elementor-hidden-tablet elementor-hidden-phone elementor-widget elementor-widget-section_titleleft\" data-id=\"1f6eb1c\" data-element_type=\"widget\" data-e-type=\"widget\" data-widget_type=\"section_titleleft.default\">\n\t\t\t\t<div class=\"elementor-widget-container\">\n\t\t\t\t\t        <div class=\"ab_text-title fl-wrap\">\r\n            <h3>Enfermeiros e auxiliares veterin\u00e1rios<\/h3><span class=\"section-separator fl-sec-sep\"><\/span>        <\/div>\r\n        \t\t\t\t<\/div>\n\t\t\t\t<\/div>\n\t\t\t\t<section class=\"elementor-section elementor-inner-section elementor-element elementor-element-49efcb6 elementor-section-boxed elementor-section-height-default elementor-section-height-default\" data-id=\"49efcb6\" data-element_type=\"section\" data-e-type=\"section\">\n\t\t\t\t\t\t<div class=\"elementor-container elementor-column-gap-default\">\n\t\t\t\t\t<div class=\"elementor-column elementor-col-25 elementor-inner-column elementor-element elementor-element-0d6734b\" data-id=\"0d6734b\" data-element_type=\"column\" data-e-type=\"column\">\n\t\t\t<div class=\"elementor-widget-wrap elementor-element-populated\">\n\t\t\t\t\t\t<div class=\"elementor-element elementor-element-7d55a67 elementor-widget elementor-widget-team_box\" data-id=\"7d55a67\" data-element_type=\"widget\" data-e-type=\"widget\" data-widget_type=\"team_box.default\">\n\t\t\t\t<div class=\"elementor-widget-container\">\n\t\t\t\t\t            <div class=\"team-holder section-team fl-wrap\">\r\n                <div class=\"team-box-image\">\r\n                    <div class=\"team-photo\">\r\n                        <img decoding=\"async\" src=\"\" class=\"respimg\">                                    \r\n                    <\/div>\r\n                    <div class=\"team-info\">\r\n                        <h3><a href=\"\">Andreia Lemos<\/a><\/h3><h4>Auxiliar veterin\u00e1ria<\/h4>Frequentou o curso Operador de petshop com especializa\u00e7\u00e3o em tosquia e grooming conclu\u00eddo em 2023, com componente pr\u00e1tica.\u00a0Desde 2023, integra a equipa da Onevet Cl\u00ednica Veterin\u00e1ria de Canidelo, onde desenvolve a fun\u00e7\u00e3o de auxiliar veterin\u00e1ria.\u00a0                    <\/div>\r\n                <\/div>\r\n            <\/div>\r\n        \t\t\t\t<\/div>\n\t\t\t\t<\/div>\n\t\t\t\t<div class=\"elementor-element elementor-element-6ae1303 readmoretoggle elementor-widget elementor-widget-toggle\" data-id=\"6ae1303\" data-element_type=\"widget\" data-e-type=\"widget\" data-widget_type=\"toggle.default\">\n\t\t\t\t<div class=\"elementor-widget-container\">\n\t\t\t\t\t\t\t<div class=\"elementor-toggle\">\n\t\t\t\t\t\t\t<div class=\"elementor-toggle-item\">\n\t\t\t\t\t<div id=\"elementor-tab-title-1121\" class=\"elementor-tab-title\" data-tab=\"1\" role=\"button\" aria-controls=\"elementor-tab-content-1121\" aria-expanded=\"false\">\n\t\t\t\t\t\t\t\t\t\t\t\t<a class=\"elementor-toggle-title\" tabindex=\"0\">Ler Mais<\/a>\n\t\t\t\t\t<\/div>\n\n\t\t\t\t\t<div id=\"elementor-tab-content-1121\" class=\"elementor-tab-content elementor-clearfix\" data-tab=\"1\" role=\"region\" aria-labelledby=\"elementor-tab-title-1121\"><div class=\"ewa-rteLine\">Realizou forma\u00e7\u00e3o em pensos e maneios de feridas e primeiros socorros veterin\u00e1rios.\u00a0Tem como principais \u00e1reas de colabora\u00e7\u00e3o aux\u00edlio no atendimento dos animais, comportamento animal e auxiliar em cirurgia. Nos tempos livres gosta de jogar v\u00eddeo jogos, nadar e estar com os seus patudos.\u00a0\u00a0<\/div><\/div>\n\t\t\t\t<\/div>\n\t\t\t\t\t\t\t\t<\/div>\n\t\t\t\t\t\t<\/div>\n\t\t\t\t<\/div>\n\t\t\t\t\t<\/div>\n\t\t<\/div>\n\t\t\t\t<div class=\"elementor-column elementor-col-25 elementor-inner-column elementor-element elementor-element-85debb2\" data-id=\"85debb2\" data-element_type=\"column\" data-e-type=\"column\">\n\t\t\t<div class=\"elementor-widget-wrap elementor-element-populated\">\n\t\t\t\t\t\t<div class=\"elementor-element elementor-element-df28fc6 elementor-widget elementor-widget-team_box\" data-id=\"df28fc6\" data-element_type=\"widget\" data-e-type=\"widget\" data-widget_type=\"team_box.default\">\n\t\t\t\t<div class=\"elementor-widget-container\">\n\t\t\t\t\t            <div class=\"team-holder section-team fl-wrap\">\r\n                <div class=\"team-box-image\">\r\n                    <div class=\"team-photo\">\r\n                        <img decoding=\"async\" src=\"\" class=\"respimg\">                                    \r\n                    <\/div>\r\n                    <div class=\"team-info\">\r\n                        <h3><a href=\"\">Andreia Almeida<\/a><\/h3><h4>Auxiliar veterin\u00e1ria<\/h4>A Andreia \u00e9 auxiliar Veterin\u00e1ria desde 2016 e faz parte da equipa da Onevet Cl\u00ednica Veterin\u00e1ria de Canidelo desde janeiro de 2024.                     <\/div>\r\n                <\/div>\r\n            <\/div>\r\n        \t\t\t\t<\/div>\n\t\t\t\t<\/div>\n\t\t\t\t<div class=\"elementor-element elementor-element-aead11e readmoretoggle elementor-widget elementor-widget-toggle\" data-id=\"aead11e\" data-element_type=\"widget\" data-e-type=\"widget\" data-widget_type=\"toggle.default\">\n\t\t\t\t<div class=\"elementor-widget-container\">\n\t\t\t\t\t\t\t<div class=\"elementor-toggle\">\n\t\t\t\t\t\t\t<div class=\"elementor-toggle-item\">\n\t\t\t\t\t<div id=\"elementor-tab-title-1831\" class=\"elementor-tab-title\" data-tab=\"1\" role=\"button\" aria-controls=\"elementor-tab-content-1831\" aria-expanded=\"false\">\n\t\t\t\t\t\t\t\t\t\t\t\t<a class=\"elementor-toggle-title\" tabindex=\"0\">Ler Mais<\/a>\n\t\t\t\t\t<\/div>\n\n\t\t\t\t\t<div id=\"elementor-tab-content-1831\" class=\"elementor-tab-content elementor-clearfix\" data-tab=\"1\" role=\"region\" aria-labelledby=\"elementor-tab-title-1831\"><div class=\"ewa-rteLine\">\u00a0Gosta de auxiliar nas consultas, cirurgias, prepara\u00e7\u00e3o de material para cirugias e atendimento ao cliente como rececionista. Nos tempos livres gosta de cuidar e mimar os v\u00e1rios animais de estima\u00e7\u00e3o com quem convive.<\/div><\/div>\n\t\t\t\t<\/div>\n\t\t\t\t\t\t\t\t<\/div>\n\t\t\t\t\t\t<\/div>\n\t\t\t\t<\/div>\n\t\t\t\t\t<\/div>\n\t\t<\/div>\n\t\t\t\t<div class=\"elementor-column elementor-col-25 elementor-inner-column elementor-element elementor-element-247ef38\" data-id=\"247ef38\" data-element_type=\"column\" data-e-type=\"column\">\n\t\t\t<div class=\"elementor-widget-wrap elementor-element-populated\">\n\t\t\t\t\t\t<div class=\"elementor-element elementor-element-7fc044f elementor-widget elementor-widget-team_box\" data-id=\"7fc044f\" data-element_type=\"widget\" data-e-type=\"widget\" data-widget_type=\"team_box.default\">\n\t\t\t\t<div class=\"elementor-widget-container\">\n\t\t\t\t\t            <div class=\"team-holder section-team fl-wrap\">\r\n                <div class=\"team-box-image\">\r\n                    <div class=\"team-photo\">\r\n                        <img decoding=\"async\" src=\"\" class=\"respimg\">                                    \r\n                    <\/div>\r\n                    <div class=\"team-info\">\r\n                        <h3><a href=\"\">J\u00e9ssica Meireles<\/a><\/h3><h4>Auxiliar veterin\u00e1ria<\/h4>A J\u00e9ssica \u00e9 auxiliar Veterin\u00e1ria desde 2018 e faz parte da equipa da Onevet Cl\u00ednica Veterin\u00e1ria de Canidelo desde abril de 2024.                     <\/div>\r\n                <\/div>\r\n            <\/div>\r\n        \t\t\t\t<\/div>\n\t\t\t\t<\/div>\n\t\t\t\t<div class=\"elementor-element elementor-element-587e580 readmoretoggle elementor-widget elementor-widget-toggle\" data-id=\"587e580\" data-element_type=\"widget\" data-e-type=\"widget\" data-widget_type=\"toggle.default\">\n\t\t\t\t<div class=\"elementor-widget-container\">\n\t\t\t\t\t\t\t<div class=\"elementor-toggle\">\n\t\t\t\t\t\t\t<div class=\"elementor-toggle-item\">\n\t\t\t\t\t<div id=\"elementor-tab-title-9271\" class=\"elementor-tab-title\" data-tab=\"1\" role=\"button\" aria-controls=\"elementor-tab-content-9271\" aria-expanded=\"false\">\n\t\t\t\t\t\t\t\t\t\t\t\t<a class=\"elementor-toggle-title\" tabindex=\"0\">Ler Mais<\/a>\n\t\t\t\t\t<\/div>\n\n\t\t\t\t\t<div id=\"elementor-tab-content-9271\" class=\"elementor-tab-content elementor-clearfix\" data-tab=\"1\" role=\"region\" aria-labelledby=\"elementor-tab-title-9271\"><div class=\"ewa-rteLine\">Realizou v\u00e1rias forma\u00e7\u00f5es na \u00e1rea de animais de companhia, entre as quais Curso Profissional de Est\u00e9tica Canino Artero e curso de fisioterapia e reabilita\u00e7\u00e3o animal SA Forma\u00e7\u00e3o.Tem como principais \u00e1reas de colabora\u00e7\u00e3o a rece\u00e7\u00e3o e o aux\u00edlio no atendimento e tratamentos aos animais. Nos tempos livres gosta viajar e de passear com as suas patudas.<\/div><\/div>\n\t\t\t\t<\/div>\n\t\t\t\t\t\t\t\t<\/div>\n\t\t\t\t\t\t<\/div>\n\t\t\t\t<\/div>\n\t\t\t\t\t<\/div>\n\t\t<\/div>\n\t\t\t\t<div class=\"elementor-column elementor-col-25 elementor-inner-column elementor-element elementor-element-b5dd3ca nodata_bor\" data-id=\"b5dd3ca\" data-element_type=\"column\" data-e-type=\"column\">\n\t\t\t<div class=\"elementor-widget-wrap\">\n\t\t\t\t\t\t\t<\/div>\n\t\t<\/div>\n\t\t\t\t\t<\/div>\n\t\t<\/section>\n\t\t\t\t\t<\/div>\n\t\t<\/div>\n\t\t\t\t\t<\/div>\n\t\t<\/section>\n\t\t\t\t<section class=\"elementor-section elementor-top-section elementor-element elementor-element-5d3d05a elementor-section-boxed elementor-section-height-default elementor-section-height-default\" data-id=\"5d3d05a\" data-element_type=\"section\" data-e-type=\"section\">\n\t\t\t\t\t\t<div class=\"elementor-container elementor-column-gap-default\">\n\t\t\t\t\t<div class=\"elementor-column elementor-col-100 elementor-top-column elementor-element elementor-element-809073c\" data-id=\"809073c\" data-element_type=\"column\" data-e-type=\"column\">\n\t\t\t<div class=\"elementor-widget-wrap\">\n\t\t\t\t\t\t\t<\/div>\n\t\t<\/div>\n\t\t\t\t\t<\/div>\n\t\t<\/section>\n\t\t\t\t<\/div>\n\t\t","protected":false},"excerpt":{"rendered":"<p>A nossa maior preocupa\u00e7\u00e3o \u00e9 o bem-estar dos nossos pacientes. A nossa equipa \u00e9 constitu\u00edda por 3 m\u00e9dicas veterin\u00e1rias e 3 auxiliares, com uma vasta experi\u00eancia nas v\u00e1rias \u00e1reas da medicina de animais de companhia. Integramos um grupo de cl\u00ednicas e hospitais com partilha interna de historial cl\u00ednico e de conhecimentos m\u00e9dicos com os v\u00e1rios &hellip; <\/p>\n","protected":false},"author":61,"featured_media":0,"parent":0,"menu_order":0,"comment_status":"closed","ping_status":"closed","template":"page-fullwidth.php","meta":{"_acf_changed":false,"content-type":"","footnotes":""},"class_list":["post-17840","page","type-page","status-publish","hentry"],"acf":[],"yoast_head":"<!-- This site is optimized with the Yoast SEO plugin v27.4 - https:\/\/yoast.com\/product\/yoast-seo-wordpress\/ -->\n<title>A Nossa Equipa - Canidelo<\/title>\n<meta name=\"robots\" content=\"index, follow, max-snippet:-1, max-image-preview:large, max-video-preview:-1\" \/>\n<link rel=\"canonical\" href=\"https:\/\/onevetgroup.pt\/canidelo\/a-nossa-equipa\/\" \/>\n<meta property=\"og:locale\" content=\"pt_PT\" \/>\n<meta property=\"og:type\" content=\"article\" \/>\n<meta property=\"og:title\" content=\"A Nossa Equipa - Canidelo\" \/>\n<meta property=\"og:description\" content=\"A nossa maior preocupa\u00e7\u00e3o \u00e9 o bem-estar dos nossos pacientes. A nossa equipa \u00e9 constitu\u00edda por 3 m\u00e9dicas veterin\u00e1rias e 3 auxiliares, com uma vasta experi\u00eancia nas v\u00e1rias \u00e1reas da medicina de animais de companhia. Integramos um grupo de cl\u00ednicas e hospitais com partilha interna de historial cl\u00ednico e de conhecimentos m\u00e9dicos com os v\u00e1rios &hellip;\" \/>\n<meta property=\"og:url\" content=\"https:\/\/onevetgroup.pt\/canidelo\/a-nossa-equipa\/\" \/>\n<meta property=\"og:site_name\" content=\"Canidelo\" \/>\n<meta property=\"article:modified_time\" content=\"2026-03-23T15:18:25+00:00\" \/>\n<meta property=\"og:image\" content=\"https:\/\/onevet.pt\/canidelo\/wp-content\/uploads\/sites\/23\/2023\/07\/61-1-scaled.jpg\" \/>\n<meta name=\"twitter:card\" content=\"summary_large_image\" \/>\n<meta name=\"twitter:label1\" content=\"Tempo estimado de leitura\" \/>\n\t<meta name=\"twitter:data1\" content=\"5 minutos\" \/>\n<script type=\"application\/ld+json\" class=\"yoast-schema-graph\">{\"@context\":\"https:\\\/\\\/schema.org\",\"@graph\":[{\"@type\":\"WebPage\",\"@id\":\"https:\\\/\\\/onevetgroup.pt\\\/canidelo\\\/a-nossa-equipa\\\/\",\"url\":\"https:\\\/\\\/onevetgroup.pt\\\/canidelo\\\/a-nossa-equipa\\\/\",\"name\":\"A Nossa Equipa - Canidelo\",\"isPartOf\":{\"@id\":\"https:\\\/\\\/onevetgroup.pt\\\/canidelo\\\/#website\"},\"primaryImageOfPage\":{\"@id\":\"https:\\\/\\\/onevetgroup.pt\\\/canidelo\\\/a-nossa-equipa\\\/#primaryimage\"},\"image\":{\"@id\":\"https:\\\/\\\/onevetgroup.pt\\\/canidelo\\\/a-nossa-equipa\\\/#primaryimage\"},\"thumbnailUrl\":\"https:\\\/\\\/onevet.pt\\\/canidelo\\\/wp-content\\\/uploads\\\/sites\\\/23\\\/2023\\\/07\\\/61-1-scaled.jpg\",\"datePublished\":\"2022-07-01T09:38:42+00:00\",\"dateModified\":\"2026-03-23T15:18:25+00:00\",\"breadcrumb\":{\"@id\":\"https:\\\/\\\/onevetgroup.pt\\\/canidelo\\\/a-nossa-equipa\\\/#breadcrumb\"},\"inLanguage\":\"pt-PT\",\"potentialAction\":[{\"@type\":\"ReadAction\",\"target\":[\"https:\\\/\\\/onevetgroup.pt\\\/canidelo\\\/a-nossa-equipa\\\/\"]}]},{\"@type\":\"ImageObject\",\"inLanguage\":\"pt-PT\",\"@id\":\"https:\\\/\\\/onevetgroup.pt\\\/canidelo\\\/a-nossa-equipa\\\/#primaryimage\",\"url\":\"https:\\\/\\\/onevet.pt\\\/canidelo\\\/wp-content\\\/uploads\\\/sites\\\/23\\\/2023\\\/07\\\/61-1-scaled.jpg\",\"contentUrl\":\"https:\\\/\\\/onevet.pt\\\/canidelo\\\/wp-content\\\/uploads\\\/sites\\\/23\\\/2023\\\/07\\\/61-1-scaled.jpg\"},{\"@type\":\"BreadcrumbList\",\"@id\":\"https:\\\/\\\/onevetgroup.pt\\\/canidelo\\\/a-nossa-equipa\\\/#breadcrumb\",\"itemListElement\":[{\"@type\":\"ListItem\",\"position\":1,\"name\":\"Home\",\"item\":\"https:\\\/\\\/onevetgroup.pt\\\/canidelo\\\/\"},{\"@type\":\"ListItem\",\"position\":2,\"name\":\"A Nossa Equipa\"}]},{\"@type\":\"WebSite\",\"@id\":\"https:\\\/\\\/onevetgroup.pt\\\/canidelo\\\/#website\",\"url\":\"https:\\\/\\\/onevetgroup.pt\\\/canidelo\\\/\",\"name\":\"Canidelo\",\"description\":\"Your Pets in Good Hands\",\"publisher\":{\"@id\":\"https:\\\/\\\/onevetgroup.pt\\\/canidelo\\\/#organization\"},\"potentialAction\":[{\"@type\":\"SearchAction\",\"target\":{\"@type\":\"EntryPoint\",\"urlTemplate\":\"https:\\\/\\\/onevetgroup.pt\\\/canidelo\\\/?s={search_term_string}\"},\"query-input\":{\"@type\":\"PropertyValueSpecification\",\"valueRequired\":true,\"valueName\":\"search_term_string\"}}],\"inLanguage\":\"pt-PT\"},{\"@type\":\"Organization\",\"@id\":\"https:\\\/\\\/onevetgroup.pt\\\/canidelo\\\/#organization\",\"name\":\"Canidelo\",\"url\":\"https:\\\/\\\/onevetgroup.pt\\\/canidelo\\\/\",\"logo\":{\"@type\":\"ImageObject\",\"inLanguage\":\"pt-PT\",\"@id\":\"https:\\\/\\\/onevetgroup.pt\\\/canidelo\\\/#\\\/schema\\\/logo\\\/image\\\/\",\"url\":\"https:\\\/\\\/onevetgroup.pt\\\/canidelo\\\/wp-content\\\/uploads\\\/sites\\\/23\\\/2023\\\/07\\\/cropped-cropped-cropped-onevet_cvcanidelo_horizontal-1-e1689064777339.png\",\"contentUrl\":\"https:\\\/\\\/onevetgroup.pt\\\/canidelo\\\/wp-content\\\/uploads\\\/sites\\\/23\\\/2023\\\/07\\\/cropped-cropped-cropped-onevet_cvcanidelo_horizontal-1-e1689064777339.png\",\"width\":225,\"height\":70,\"caption\":\"Canidelo\"},\"image\":{\"@id\":\"https:\\\/\\\/onevetgroup.pt\\\/canidelo\\\/#\\\/schema\\\/logo\\\/image\\\/\"}}]}<\/script>\n<!-- \/ Yoast SEO plugin. -->","yoast_head_json":{"title":"A Nossa Equipa - Canidelo","robots":{"index":"index","follow":"follow","max-snippet":"max-snippet:-1","max-image-preview":"max-image-preview:large","max-video-preview":"max-video-preview:-1"},"canonical":"https:\/\/onevetgroup.pt\/canidelo\/a-nossa-equipa\/","og_locale":"pt_PT","og_type":"article","og_title":"A Nossa Equipa - Canidelo","og_description":"A nossa maior preocupa\u00e7\u00e3o \u00e9 o bem-estar dos nossos pacientes. A nossa equipa \u00e9 constitu\u00edda por 3 m\u00e9dicas veterin\u00e1rias e 3 auxiliares, com uma vasta experi\u00eancia nas v\u00e1rias \u00e1reas da medicina de animais de companhia. Integramos um grupo de cl\u00ednicas e hospitais com partilha interna de historial cl\u00ednico e de conhecimentos m\u00e9dicos com os v\u00e1rios &hellip;","og_url":"https:\/\/onevetgroup.pt\/canidelo\/a-nossa-equipa\/","og_site_name":"Canidelo","article_modified_time":"2026-03-23T15:18:25+00:00","og_image":[{"url":"https:\/\/onevet.pt\/canidelo\/wp-content\/uploads\/sites\/23\/2023\/07\/61-1-scaled.jpg","type":"","width":"","height":""}],"twitter_card":"summary_large_image","twitter_misc":{"Tempo estimado de leitura":"5 minutos"},"schema":{"@context":"https:\/\/schema.org","@graph":[{"@type":"WebPage","@id":"https:\/\/onevetgroup.pt\/canidelo\/a-nossa-equipa\/","url":"https:\/\/onevetgroup.pt\/canidelo\/a-nossa-equipa\/","name":"A Nossa Equipa - Canidelo","isPartOf":{"@id":"https:\/\/onevetgroup.pt\/canidelo\/#website"},"primaryImageOfPage":{"@id":"https:\/\/onevetgroup.pt\/canidelo\/a-nossa-equipa\/#primaryimage"},"image":{"@id":"https:\/\/onevetgroup.pt\/canidelo\/a-nossa-equipa\/#primaryimage"},"thumbnailUrl":"https:\/\/onevet.pt\/canidelo\/wp-content\/uploads\/sites\/23\/2023\/07\/61-1-scaled.jpg","datePublished":"2022-07-01T09:38:42+00:00","dateModified":"2026-03-23T15:18:25+00:00","breadcrumb":{"@id":"https:\/\/onevetgroup.pt\/canidelo\/a-nossa-equipa\/#breadcrumb"},"inLanguage":"pt-PT","potentialAction":[{"@type":"ReadAction","target":["https:\/\/onevetgroup.pt\/canidelo\/a-nossa-equipa\/"]}]},{"@type":"ImageObject","inLanguage":"pt-PT","@id":"https:\/\/onevetgroup.pt\/canidelo\/a-nossa-equipa\/#primaryimage","url":"https:\/\/onevet.pt\/canidelo\/wp-content\/uploads\/sites\/23\/2023\/07\/61-1-scaled.jpg","contentUrl":"https:\/\/onevet.pt\/canidelo\/wp-content\/uploads\/sites\/23\/2023\/07\/61-1-scaled.jpg"},{"@type":"BreadcrumbList","@id":"https:\/\/onevetgroup.pt\/canidelo\/a-nossa-equipa\/#breadcrumb","itemListElement":[{"@type":"ListItem","position":1,"name":"Home","item":"https:\/\/onevetgroup.pt\/canidelo\/"},{"@type":"ListItem","position":2,"name":"A Nossa Equipa"}]},{"@type":"WebSite","@id":"https:\/\/onevetgroup.pt\/canidelo\/#website","url":"https:\/\/onevetgroup.pt\/canidelo\/","name":"Canidelo","description":"Your Pets in Good Hands","publisher":{"@id":"https:\/\/onevetgroup.pt\/canidelo\/#organization"},"potentialAction":[{"@type":"SearchAction","target":{"@type":"EntryPoint","urlTemplate":"https:\/\/onevetgroup.pt\/canidelo\/?s={search_term_string}"},"query-input":{"@type":"PropertyValueSpecification","valueRequired":true,"valueName":"search_term_string"}}],"inLanguage":"pt-PT"},{"@type":"Organization","@id":"https:\/\/onevetgroup.pt\/canidelo\/#organization","name":"Canidelo","url":"https:\/\/onevetgroup.pt\/canidelo\/","logo":{"@type":"ImageObject","inLanguage":"pt-PT","@id":"https:\/\/onevetgroup.pt\/canidelo\/#\/schema\/logo\/image\/","url":"https:\/\/onevetgroup.pt\/canidelo\/wp-content\/uploads\/sites\/23\/2023\/07\/cropped-cropped-cropped-onevet_cvcanidelo_horizontal-1-e1689064777339.png","contentUrl":"https:\/\/onevetgroup.pt\/canidelo\/wp-content\/uploads\/sites\/23\/2023\/07\/cropped-cropped-cropped-onevet_cvcanidelo_horizontal-1-e1689064777339.png","width":225,"height":70,"caption":"Canidelo"},"image":{"@id":"https:\/\/onevetgroup.pt\/canidelo\/#\/schema\/logo\/image\/"}}]}},"_links":{"self":[{"href":"https:\/\/onevetgroup.pt\/canidelo\/wp-json\/wp\/v2\/pages\/17840","targetHints":{"allow":["GET"]}}],"collection":[{"href":"https:\/\/onevetgroup.pt\/canidelo\/wp-json\/wp\/v2\/pages"}],"about":[{"href":"https:\/\/onevetgroup.pt\/canidelo\/wp-json\/wp\/v2\/types\/page"}],"author":[{"embeddable":true,"href":"https:\/\/onevetgroup.pt\/canidelo\/wp-json\/wp\/v2\/users\/61"}],"replies":[{"embeddable":true,"href":"https:\/\/onevetgroup.pt\/canidelo\/wp-json\/wp\/v2\/comments?post=17840"}],"version-history":[{"count":12,"href":"https:\/\/onevetgroup.pt\/canidelo\/wp-json\/wp\/v2\/pages\/17840\/revisions"}],"predecessor-version":[{"id":20216,"href":"https:\/\/onevetgroup.pt\/canidelo\/wp-json\/wp\/v2\/pages\/17840\/revisions\/20216"}],"wp:attachment":[{"href":"https:\/\/onevetgroup.pt\/canidelo\/wp-json\/wp\/v2\/media?parent=17840"}],"curies":[{"name":"wp","href":"https:\/\/api.w.org\/{rel}","templated":true}]}}